{"id":31,"date":"2022-09-06T14:17:24","date_gmt":"2022-09-06T13:17:24","guid":{"rendered":"http:\/\/www.moulindemaulne.com\/?page_id=31"},"modified":"2026-03-03T13:47:04","modified_gmt":"2026-03-03T13:47:04","slug":"prices","status":"publish","type":"page","link":"https:\/\/www.moulindemaulne.com\/fr\/prices\/","title":{"rendered":"TARIFS"},"content":{"rendered":"<div id='layer_slider_1'  class='avia-layerslider main_color avia-shadow  avia-builder-el-0  el_before_av_one_full  avia-builder-el-first  container_wrap sidebar_left'  style='height: 301px; max-width: 1180px; margin: 0 auto;'  ><\/div><div id='after_layer_slider_1'  class='main_color av_default_container_wrap container_wrap sidebar_left'  ><div class='container av-section-cont-open' ><div class='template-page content  av-content-small units'><div class='post-entry post-entry-type-page post-entry-31'><div class='entry-content-wrapper clearfix'>\n<div class='flex_column av-2gss7-5a9ae2d218987efb2e41aeb9fab65b39 av_one_full  avia-builder-el-1  el_after_av_layerslider  el_before_av_one_half  avia-builder-el-first  first flex_column_div'     ><p>\n<style type=\"text\/css\" data-created_by=\"avia_inline_auto\" id=\"style-css-av-l8fyb6f5-51c969c35ab820df891c6e67df048da3\">\n#top .av-special-heading.av-l8fyb6f5-51c969c35ab820df891c6e67df048da3{\npadding-bottom:10px;\n}\nbody .av-special-heading.av-l8fyb6f5-51c969c35ab820df891c6e67df048da3 .av-special-heading-tag .heading-char{\nfont-size:25px;\n}\n.av-special-heading.av-l8fyb6f5-51c969c35ab820df891c6e67df048da3 .av-subheading{\nfont-size:15px;\n}\n<\/style>\n<div  class='av-special-heading av-l8fyb6f5-51c969c35ab820df891c6e67df048da3 av-special-heading-h2 blockquote modern-quote  avia-builder-el-2  el_before_av_textblock  avia-builder-el-first'><h2 class='av-special-heading-tag'  itemprop=\"headline\"  >TARIFS<\/h2><div class=\"special-heading-border\"><div class=\"special-heading-inner-border\"><\/div><\/div><\/div><br \/>\n<section  class='av_textblock_section av-aen4z-2c6f055c4490c53d48da0f11983f76c7'  itemscope=\"itemscope\" itemtype=\"https:\/\/schema.org\/CreativeWork\" ><div class='avia_textblock'  itemprop=\"text\" ><p><strong>Pour la location du domaine de Moulin de Maulne nous vous proposons deux options tarifaires :<\/strong><\/p>\n<\/div><\/section><\/p><\/div>\n<div class='flex_column av-v9y7-656f19b5c01174e934b9c80603e38026 av_one_half  avia-builder-el-4  el_after_av_one_full  el_before_av_one_half  first flex_column_div column-top-margin'     ><p>\n<style type=\"text\/css\" data-created_by=\"avia_inline_auto\" id=\"style-css-av-mmakz3vb-0fbae29ad1d407f00a725ea178419cc5\">\n.avia-image-container.av-mmakz3vb-0fbae29ad1d407f00a725ea178419cc5 img.avia_image{\nbox-shadow:none;\n}\n.avia-image-container.av-mmakz3vb-0fbae29ad1d407f00a725ea178419cc5 .av-image-caption-overlay-center{\ncolor:#ffffff;\n}\n<\/style>\n<div  class='avia-image-container av-mmakz3vb-0fbae29ad1d407f00a725ea178419cc5 av-styling- avia-align-center  avia-builder-el-5  el_before_av_textblock  avia-builder-el-first'   itemprop=\"image\" itemscope=\"itemscope\" itemtype=\"https:\/\/schema.org\/ImageObject\" ><div class=\"avia-image-container-inner\"><div class=\"avia-image-overlay-wrap\"><a href=\"https:\/\/www.moulindemaulne.com\/fr\/holidays-and-short-stays-package\/\" class='avia_image' ><img decoding=\"async\" class='wp-image-479 avia-img-lazy-loading-not-479 avia_image' src=\"https:\/\/www.moulindemaulne.com\/wp-content\/uploads\/2023\/01\/vue_exterieur-495x400.jpg\" alt='Vue exterieur' title='Vue exterieur'  height=\"400\" width=\"495\"  itemprop=\"thumbnailUrl\" srcset=\"https:\/\/www.moulindemaulne.com\/wp-content\/uploads\/2023\/01\/vue_exterieur-495x400.jpg 495w, https:\/\/www.moulindemaulne.com\/wp-content\/uploads\/2023\/01\/vue_exterieur-845x684.jpg 845w\" sizes=\"(max-width: 495px) 100vw, 495px\" \/><\/a><\/div><\/div><\/div><br \/>\n<section  class='av_textblock_section av-mmakzx2p-7bb379b0eb98e788923f43412caedc69'  itemscope=\"itemscope\" itemtype=\"https:\/\/schema.org\/CreativeWork\" ><div class='avia_textblock'  itemprop=\"text\" ><p style=\"text-align: center;\"><a href=\"https:\/\/www.moulindemaulne.com\/fr\/holidays-and-short-stays-package\/\"><strong>forfait \u00ab Vacances et Courts S\u00e9jours \u00bb<\/strong><\/a><\/p>\n<\/div><\/section><\/p><\/div><div class='flex_column av-4mov-11fd3c578a2fe439c28bae1c56e50a34 av_one_half  avia-builder-el-7  el_after_av_one_half  el_before_av_one_full  flex_column_div column-top-margin'     ><p>\n<style type=\"text\/css\" data-created_by=\"avia_inline_auto\" id=\"style-css-av-mmakssi8-c674de41239406a347763027e29b40fe\">\n.avia-image-container.av-mmakssi8-c674de41239406a347763027e29b40fe img.avia_image{\nbox-shadow:none;\n}\n.avia-image-container.av-mmakssi8-c674de41239406a347763027e29b40fe .av-image-caption-overlay-center{\ncolor:#ffffff;\n}\n<\/style>\n<div  class='avia-image-container av-mmakssi8-c674de41239406a347763027e29b40fe av-styling- avia-align-center  avia-builder-el-8  el_before_av_textblock  avia-builder-el-first'   itemprop=\"image\" itemscope=\"itemscope\" itemtype=\"https:\/\/schema.org\/ImageObject\" ><div class=\"avia-image-container-inner\"><div class=\"avia-image-overlay-wrap\"><a href=\"https:\/\/www.moulindemaulne.com\/fr\/marriage-and-reception-package\/\" class='avia_image' ><img decoding=\"async\" class='wp-image-625 avia-img-lazy-loading-not-625 avia_image' src=\"https:\/\/www.moulindemaulne.com\/wp-content\/uploads\/2026\/03\/iStock-1173488492-495x400.jpeg\" alt='wedding celebrations' title='wedding celebrations'  height=\"400\" width=\"495\"  itemprop=\"thumbnailUrl\" srcset=\"https:\/\/www.moulindemaulne.com\/wp-content\/uploads\/2026\/03\/iStock-1173488492-495x400.jpeg 495w, https:\/\/www.moulindemaulne.com\/wp-content\/uploads\/2026\/03\/iStock-1173488492-845x684.jpeg 845w\" sizes=\"(max-width: 495px) 100vw, 495px\" \/><\/a><\/div><\/div><\/div><br \/>\n<section  class='av_textblock_section av-mmal05c9-ce73439eaebb267b382bcff3b6747296'  itemscope=\"itemscope\" itemtype=\"https:\/\/schema.org\/CreativeWork\" ><div class='avia_textblock'  itemprop=\"text\" ><p style=\"text-align: center;\"><a href=\"https:\/\/www.moulindemaulne.com\/fr\/marriage-and-reception-package\/\"><strong>forfait \u00ab Mariage et R\u00e9ceptions \u00bb<\/strong><\/a><\/p>\n<\/div><\/section><\/p><\/div><div class='flex_column av-3f67-471adc4390deebcab7cac627208b4ec4 av_one_full  avia-builder-el-10  el_after_av_one_half  el_before_av_hr  first flex_column_div column-top-margin'     ><section  class='av_textblock_section av-mmal1e88-09a073c585515b3ad0dc843e94024e47'  itemscope=\"itemscope\" itemtype=\"https:\/\/schema.org\/CreativeWork\" ><div class='avia_textblock'  itemprop=\"text\" ><p><strong>Pour consulter les d\u00e9tails de ces deux options, vous pouvez utiliser les liens ci-dessus ou le menu du site.<\/strong><\/p>\n<p>Concernant le tarif pour une formule personnalis\u00e9 ou autres options de la location de Moulin de Maulne, veuillez nous adresser votre demande via formulaire ou par mail.<\/p>\n<p style=\"text-align: center;\"><strong>\u00a0<\/strong><\/p>\n<\/div><\/section><\/div><\/p>\n\n<style type=\"text\/css\" data-created_by=\"avia_inline_auto\" id=\"style-css-av-l8spo9sp-caedbf9144e5d7f76ac6218039e12675\">\n#top .hr.av-l8spo9sp-caedbf9144e5d7f76ac6218039e12675{\nmargin-top:30px;\nmargin-bottom:30px;\n}\n.hr.av-l8spo9sp-caedbf9144e5d7f76ac6218039e12675 .hr-inner{\nwidth:600px;\nmax-width:45%;\n}\n<\/style>\n<div  class='hr av-l8spo9sp-caedbf9144e5d7f76ac6218039e12675 hr-custom  avia-builder-el-12  el_after_av_one_full  el_before_av_one_full  hr-center hr-icon-yes'><span class='hr-inner inner-border-av-border-fat'><span class=\"hr-inner-style\"><\/span><\/span><span class='av-seperator-icon' aria-hidden='true' data-av_icon='\ue828' data-av_iconfont='entypo-fontello'><\/span><span class='hr-inner inner-border-av-border-fat'><span class=\"hr-inner-style\"><\/span><\/span><\/div>\n<div class='flex_column av-14nlr-b5e1c5e8351e0ba68a5463588f16dc67 av_one_full  avia-builder-el-13  el_after_av_hr  el_before_av_hr  first flex_column_div'     ><section  class='av_textblock_section av-m9wmi8wl-eee223308ca1e4af30b6c5459d8ebdeb'  itemscope=\"itemscope\" itemtype=\"https:\/\/schema.org\/CreativeWork\" ><div class='avia_textblock'  itemprop=\"text\" ><h3>Autres infos :<\/h3>\n<p class=\"translation-block\">Moulin de Maulne accueille des groupes en gestion libre par d\u00e9faut.<br>\nLa location en demi-pension et pension complete est possible \u00e9galement. Veuillez\nnous consulter pour une proposition personnalis\u00e9e de ces deux formules.<br>\nPour les groupes qui s\u00e9journent \u00e0 Moulin de Maulne nous proposons les menus de\n12 \u00e0 24 euros. Les repas sont pr\u00e9par\u00e9es par nous, avec les produits frais des\nproducteurs locaux et\/ou produits saisonniers venant de notre jardin.<\/p>\n<p><a href=\"https:\/\/www.moulindemaulne.com\/wp-content\/uploads\/2025\/04\/Proposition_Menus_2025.pdf\"><strong>\u00ab Proposition Menus 2025 \u00bb<\/strong><\/a> (link to a PDF file)<\/p>\n<p>Ainsi nous pouvons vous composer un menu personnalis\u00e9 selon vos pr\u00e9f\u00e9rences\net votre budget et sur notre site vous trouverez la liste de restaurateurs et traiteurs\nlocaux qui peuvent s\u2019occuper d'organisation de vos repas \u00e9galement.\nPour plus de pr\u00e9cisions concernant l\u2019organisation de votre reunion familiale,\namicale ou professionnelle, pour une celebration ou un s\u00e9minaire et toute autre\nquestion n'h\u00e9sitez pas nous contacter directement via le formulaire ci-dessous\nEn raison d\u2019un nombre important des demandes et r\u00e9servations nous privil\u00e9gions\ntoujours les messages \u00e9crites qui nous permettent de bien enregistrer et de bien\nassoci\u00e9 chaque demande ou question \u00e0 la personne ou groupe concern\u00e9. Nous\nvous remercions pour votre comprehension.<\/p>\n<h3>Commerces de proximit\u00e9 :<\/h3>\n<p class=\"translation-block\">\u00c0 Ch\u00e2teau-la-Valli\u00e8re, situ\u00e9 \u00e0 6 km (7\/8 min en voiture) vous trouverez :<br>\nBoulangerie-p\u00e2tisserie - O\u2019Fournil de Max, tel.: 02 47 24 00 59 ;<br>\nBoucherie-charcuterie - Boucherie VEILLE &amp; BOUREAU, tel.: 02 47 24 00 34 ;<br>\nSalon de coiffure et beaut\u00e9 - L'Atelier Au Pluriel, tel.: 09 81 47 34 09 ;<br>\nune pharmacie, Super \u00ab U \u00bb avec station service et autres commerces.<\/p>\n<h3>Pour la recharge de vos voitures \u00e9lectriques les bornes les plus pr\u00e8s sont\nsuivantes :<\/h3>\n<p class=\"translation-block\">IECharge Station de recharge \u00e0 Couesmes - l'emplacement dispose de 2 bornes<br>\navec chacune 2 prises CCS combo de 160 et 320 kw (\u00e0 7 km) ;<br>\nSIDE Indre-et-Loire Charging Station \u00e0 Saint-Laurent-de-Lin , 18 kW (\u00e0 moins de 5\nkm) ;<br>\nVirta Global Charging Station \u00e0 Ch\u00e2teau-la-Valli\u00e8re , 3,7 kW (\u00e0 6 km) ;<\/p>\n<\/div><\/section><\/div>\n<div  class='hr av-9myor-699f0bdc7d311cb18a7b02852e9735b6 hr-default  avia-builder-el-15  el_after_av_one_full  el_before_av_one_third'><span class='hr-inner'><span class=\"hr-inner-style\"><\/span><\/span><\/div>\n<div class='flex_column av-3qkbb-4d6de7cafb71f1ef9858077513d4ae38 av_one_third  avia-builder-el-16  el_after_av_hr  el_before_av_one_third  first flex_column_div'     ><style type=\"text\/css\" data-created_by=\"avia_inline_auto\" id=\"style-css-av-3c76n-2b031f1bf4c7ef85379700e669bf0323\">\n.avia-image-container.av-3c76n-2b031f1bf4c7ef85379700e669bf0323 img.avia_image{\nbox-shadow:none;\n}\n.avia-image-container.av-3c76n-2b031f1bf4c7ef85379700e669bf0323 .av-image-caption-overlay-center{\ncolor:#ffffff;\n}\n<\/style>\n<div  class='avia-image-container av-3c76n-2b031f1bf4c7ef85379700e669bf0323 av-styling- avia-align-center  avia-builder-el-17  avia-builder-el-no-sibling'   itemprop=\"image\" itemscope=\"itemscope\" itemtype=\"https:\/\/schema.org\/ImageObject\" ><div class=\"avia-image-container-inner\"><div class=\"avia-image-overlay-wrap\"><img decoding=\"async\" class='wp-image-436 avia-img-lazy-loading-not-436 avia_image' src=\"https:\/\/www.moulindemaulne.com\/wp-content\/uploads\/2022\/10\/01.jpg\" alt='The gardens of moulin de Maulne' title='The gardens of moulin de Maulne'  height=\"300\" width=\"400\"  itemprop=\"thumbnailUrl\" srcset=\"https:\/\/www.moulindemaulne.com\/wp-content\/uploads\/2022\/10\/01.jpg 400w, https:\/\/www.moulindemaulne.com\/wp-content\/uploads\/2022\/10\/01-300x225.jpg 300w, https:\/\/www.moulindemaulne.com\/wp-content\/uploads\/2022\/10\/01-16x12.jpg 16w\" sizes=\"(max-width: 400px) 100vw, 400px\" \/><\/div><\/div><\/div><\/div>\n<div class='flex_column av-2gllv-cbf3fce10f050ad77d1121840ac10e7b av_one_third  avia-builder-el-18  el_after_av_one_third  el_before_av_one_third  flex_column_div'     ><style type=\"text\/css\" data-created_by=\"avia_inline_auto\" id=\"style-css-av-286wn-1af2e05ff7f39cc3c0d405ad5ea81887\">\n.avia-image-container.av-286wn-1af2e05ff7f39cc3c0d405ad5ea81887 img.avia_image{\nbox-shadow:none;\n}\n.avia-image-container.av-286wn-1af2e05ff7f39cc3c0d405ad5ea81887 .av-image-caption-overlay-center{\ncolor:#ffffff;\n}\n<\/style>\n<div  class='avia-image-container av-286wn-1af2e05ff7f39cc3c0d405ad5ea81887 av-styling- avia-align-center  avia-builder-el-19  avia-builder-el-no-sibling'   itemprop=\"image\" itemscope=\"itemscope\" itemtype=\"https:\/\/schema.org\/ImageObject\" ><div class=\"avia-image-container-inner\"><div class=\"avia-image-overlay-wrap\"><img decoding=\"async\" class='wp-image-437 avia-img-lazy-loading-not-437 avia_image' src=\"https:\/\/www.moulindemaulne.com\/wp-content\/uploads\/2022\/10\/02.jpg\" alt='Outdoor Seating Moulin de Maulne' title='Outdoor Seating Moulin de Maulne'  height=\"300\" width=\"400\"  itemprop=\"thumbnailUrl\" srcset=\"https:\/\/www.moulindemaulne.com\/wp-content\/uploads\/2022\/10\/02.jpg 400w, https:\/\/www.moulindemaulne.com\/wp-content\/uploads\/2022\/10\/02-300x225.jpg 300w, https:\/\/www.moulindemaulne.com\/wp-content\/uploads\/2022\/10\/02-16x12.jpg 16w\" sizes=\"(max-width: 400px) 100vw, 400px\" \/><\/div><\/div><\/div><\/div>\n<div class='flex_column av-1oo1v-14e7ead62d5ac0d4f378d7968b6977c5 av_one_third  avia-builder-el-20  el_after_av_one_third  avia-builder-el-last  flex_column_div'     ><style type=\"text\/css\" data-created_by=\"avia_inline_auto\" id=\"style-css-av-3j13-aaf4e7504fcaa78966023b0cc404d44f\">\n.avia-image-container.av-3j13-aaf4e7504fcaa78966023b0cc404d44f img.avia_image{\nbox-shadow:none;\n}\n.avia-image-container.av-3j13-aaf4e7504fcaa78966023b0cc404d44f .av-image-caption-overlay-center{\ncolor:#ffffff;\n}\n<\/style>\n<div  class='avia-image-container av-3j13-aaf4e7504fcaa78966023b0cc404d44f av-styling- avia-align-center  avia-builder-el-21  avia-builder-el-no-sibling'   itemprop=\"image\" itemscope=\"itemscope\" itemtype=\"https:\/\/schema.org\/ImageObject\" ><div class=\"avia-image-container-inner\"><div class=\"avia-image-overlay-wrap\"><img decoding=\"async\" class='wp-image-438 avia-img-lazy-loading-not-438 avia_image' src=\"https:\/\/www.moulindemaulne.com\/wp-content\/uploads\/2022\/10\/03.jpg\" alt='Gardens and Terrace - Moulin de Maulne' title='Gardens and Terrace - Moulin de Maulne'  height=\"300\" width=\"400\"  itemprop=\"thumbnailUrl\" srcset=\"https:\/\/www.moulindemaulne.com\/wp-content\/uploads\/2022\/10\/03.jpg 400w, https:\/\/www.moulindemaulne.com\/wp-content\/uploads\/2022\/10\/03-300x225.jpg 300w, https:\/\/www.moulindemaulne.com\/wp-content\/uploads\/2022\/10\/03-16x12.jpg 16w\" sizes=\"(max-width: 400px) 100vw, 400px\" \/><\/div><\/div><\/div><\/div>","protected":false},"excerpt":{"rendered":"","protected":false},"author":1,"featured_media":0,"parent":0,"menu_order":0,"comment_status":"closed","ping_status":"closed","template":"","meta":{"footnotes":""},"class_list":["post-31","page","type-page","status-publish","hentry"],"_links":{"self":[{"href":"https:\/\/www.moulindemaulne.com\/fr\/wp-json\/wp\/v2\/pages\/31","targetHints":{"allow":["GET"]}}],"collection":[{"href":"https:\/\/www.moulindemaulne.com\/fr\/wp-json\/wp\/v2\/pages"}],"about":[{"href":"https:\/\/www.moulindemaulne.com\/fr\/wp-json\/wp\/v2\/types\/page"}],"author":[{"embeddable":true,"href":"https:\/\/www.moulindemaulne.com\/fr\/wp-json\/wp\/v2\/users\/1"}],"replies":[{"embeddable":true,"href":"https:\/\/www.moulindemaulne.com\/fr\/wp-json\/wp\/v2\/comments?post=31"}],"version-history":[{"count":30,"href":"https:\/\/www.moulindemaulne.com\/fr\/wp-json\/wp\/v2\/pages\/31\/revisions"}],"predecessor-version":[{"id":674,"href":"https:\/\/www.moulindemaulne.com\/fr\/wp-json\/wp\/v2\/pages\/31\/revisions\/674"}],"wp:attachment":[{"href":"https:\/\/www.moulindemaulne.com\/fr\/wp-json\/wp\/v2\/media?parent=31"}],"curies":[{"name":"wp","href":"https:\/\/api.w.org\/{rel}","templated":true}]}}